{"id":133,"date":"2018-12-10T13:58:25","date_gmt":"2018-12-10T12:58:25","guid":{"rendered":"http:\/\/pascalpierre.fr\/?page_id=133"},"modified":"2026-01-26T18:43:57","modified_gmt":"2026-01-26T17:43:57","slug":"pascal-pierre","status":"publish","type":"page","link":"https:\/\/pascalpierre.fr\/","title":{"rendered":"Pascal Pierre"},"content":{"rendered":"<p>[et_pb_section fb_built=\u201c1\u201d _builder_version=\u201c3.22\u201d background_image=\u201chttp:\/\/pascalpierre.fr\/wp-content\/uploads\/2019\/01\/YXO4820-Modifier.jpg\u201d custom_padding=\u201c307px|0px|175px|0px|false|false\u201d][et_pb_row _builder_version=\u201c3.25\u201d custom_padding=\u201c226px|0|0|75px|false|false\u201d][et_pb_column type=\u201c4_4\u201d _builder_version=\u201c3.25\u201d custom_padding=\u201d|||\u201d custom_padding__hover=\u201d|||\u201d][\/et_pb_column][\/et_pb_row][et_pb_row _builder_version=\u201c3.25\u201d custom_padding=\u201c117px|0px|27px|0px|false|false\u201d][et_pb_column type=\u201c4_4\u201d _builder_version=\u201c3.25\u201d custom_padding=\u201d|||\u201d custom_padding__hover=\u201d|||\u201d][et_pb_image src=\u201chttp:\/\/pascalpierre.fr\/wp-content\/uploads\/2018\/12\/fleche-double-angle-vers-le-bas\u20111.png\u201d align_tablet=\u201ccenter\u201d align_phone=\u201d\u201d align_last_edited=\u201con|desktop\u201d _builder_version=\u201c3.23\u201d max_width=\u201c3%\u201d module_alignment=\u201ccenter\u201d animation_style=\u201cfade\u201d animation_duration=\u201c850ms\u201d animation_repeat=\u201cloop\u201d][\/et_pb_image][\/et_pb_column][\/et_pb_row][\/et_pb_section][et_pb_section fb_built=\u201c1\u201d _builder_version=\u201c3.22\u201d custom_padding=\u201c50px|0px|20px|0px|false|false\u201d][et_pb_row _builder_version=\u201c3.25\u201d][et_pb_column type=\u201c4_4\u201d _builder_version=\u201c3.25\u201d custom_padding=\u201d|||\u201d custom_padding__hover=\u201d|||\u201d][et_pb_text _builder_version=\u201c3.27.4\u201d text_font=\u201d||||||||\u201d text_font_size=\u201c23px\u201d]<\/p>\n<p style=\"text-align: center;\"><strong>Discret, je serai \u00e0 vos c\u00f4t\u00e9s pour capturer les pr\u00e9cieux instants de votre&nbsp;vie.<\/strong><\/p>\n<p>[\/et_pb_text][\/et_pb_column][\/et_pb_row][et_pb_row _builder_version=\u201c4.5.7\u201d _module_preset=\u201cdefault\u201d column_structure=\u201c1_3,1_3,1_3\u201d][et_pb_column _builder_version=\u201c4.5.7\u201d _module_preset=\u201cdefault\u201d type=\u201c1_3\u201d][et_pb_image src=\u201chttp:\/\/pascalpierre.fr\/wp-content\/uploads\/2018\/12\/<span class=\"caps\">PASCAL-PIERRE-PHOTOGRAPHE-ALENCON10<\/span>.jpg\u201d show_in_lightbox=\u201con\u201d align_tablet=\u201ccenter\u201d align_phone=\u201d\u201d align_last_edited=\u201con|desktop\u201d _builder_version=\u201c3.23\u201d hover_transition_duration=\u201c0ms\u201d][\/et_pb_image][\/et_pb_column][et_pb_column _builder_version=\u201c4.5.7\u201d _module_preset=\u201cdefault\u201d type=\u201c1_3\u201d][et_pb_image src=\u201chttp:\/\/pascalpierre.fr\/wp-content\/uploads\/2018\/12\/<span class=\"caps\">PASCAL-PIERRE-PHOTOGRAPHE-ALENCON29<\/span>.jpg\u201d show_in_lightbox=\u201con\u201d align_tablet=\u201ccenter\u201d align_phone=\u201d\u201d align_last_edited=\u201con|desktop\u201d _builder_version=\u201c3.23\u201d][\/et_pb_image][\/et_pb_column][et_pb_column _builder_version=\u201c4.5.7\u201d _module_preset=\u201cdefault\u201d type=\u201c1_3\u201d][et_pb_image src=\u201chttp:\/\/pascalpierre.fr\/wp-content\/uploads\/2018\/12\/<span class=\"caps\">PASCAL-PIERRE-PHOTOGRAPHE-ALENCON26<\/span>.jpg\u201d show_in_lightbox=\u201con\u201d align_tablet=\u201ccenter\u201d align_phone=\u201d\u201d align_last_edited=\u201con|desktop\u201d _builder_version=\u201c3.23\u201d hover_enabled=\u201c0\u201d][\/et_pb_image][\/et_pb_column][\/et_pb_row][et_pb_row _builder_version=\u201c4.5.7\u201d hover_enabled=\u201c0\u201d use_custom_gutter=\u201con\u201d gutter_width=\u201c2\u201d][et_pb_column type=\u201c4_4\u201d _builder_version=\u201c3.25\u201d custom_padding=\u201d|||\u201d custom_padding__hover=\u201d|||\u201d][et_pb_text _builder_version=\u201c3.27.4\u201d text_font=\u201d||||||||\u201d text_font_size=\u201c17px\u201d header_font=\u201d||||||||\u201d]<\/p>\n<p style=\"text-align: left;\"><span style=\"font-size: large;\"><strong>Photographe professionnel<\/strong><\/span> situ\u00e9 \u00e0 Hauterive dans l\u2019orne \u00e0 10 km d\u2019Alen\u00e7on, je vous propose \u00e9galement mes services dans la Sarthe et la Mayenne. Fort d\u2019une formation de photojournaliste, j\u2019exerce mon activit\u00e9<span class=\"Apple-converted-space\">&nbsp; <\/span>depuis plusieurs ann\u00e9es. J\u2019interviens dans divers domaines&nbsp;: photographie de mariage, photos d\u2019entreprises, photos reportage \u00e9v\u00e9nementiel, photos de famille.<\/p>\n<p>[\/et_pb_text][\/et_pb_column][\/et_pb_row][et_pb_row column_structure=\u201c2_3,1_3\u201d _builder_version=\u201c3.25\u201d][et_pb_column type=\u201c2_3\u201d _builder_version=\u201c3.25\u201d custom_padding=\u201d|||\u201d custom_padding__hover=\u201d|||\u201d][et_pb_text _builder_version=\u201c4.5.7\u201d text_font=\u201d||||||||\u201d text_font_size=\u201c17px\u201d]<\/p>\n<p>Mon approche de la photographie est celle du reportage, pour une photographie vivante et naturelle.<br> Cette fa\u00e7on plus moderne de travailler en toute discr\u00e9tion donne un aspect plus spontan\u00e9 aux photos de votre mariage.<\/p>\n<p>Par s\u00e9curit\u00e9, je travaille avec 2 appareils photo haut de gamme et plusieurs objectifs photographiques de grande qualit\u00e9.<\/p>\n<p>Diverses formules et forfaits photographiques sont possibles pour les mariages, je propose un reportage complet des pr\u00e9paratifs jusqu\u2019au dessert, en passant par les c\u00e9r\u00e9monies civiles et religieuses, le vin d\u2019honneur, le repas et la soir\u00e9e avec la pi\u00e8ce mont\u00e9e ainsi que les photos de couple avant ou apr\u00e8s le mariage.<\/p>\n<p>[\/et_pb_text][\/et_pb_column][et_pb_column type=\u201c1_3\u201d _builder_version=\u201c3.25\u201d custom_padding=\u201d|||\u201d custom_padding__hover=\u201d|||\u201d][et_pb_image src=\u201chttps:\/\/pascalpierre.fr\/wp-content\/uploads\/2022\/02\/Capture-de\u0301cran-2022\u201302-15\u2011a\u0300-15.27.47.png\u201d _builder_version=\u201c4.5.7\u201d _module_preset=\u201cdefault\u201d title_text=\u201cCapture d\u2019e\u0301cran 2022-02-15 a\u0300 15.27.47\u201d hover_enabled=\u201c0\u201d][\/et_pb_image][\/et_pb_column][\/et_pb_row][\/et_pb_section][et_pb_section fb_built=\u201c1\u201d _builder_version=\u201c3.22\u201d custom_padding=\u201c54px|0px|41px|0px|false|false\u201d][et_pb_row column_structure=\u201c1_3,1_3,1_3\u201d _builder_version=\u201c3.25\u201d][et_pb_column type=\u201c1_3\u201d _builder_version=\u201c3.25\u201d custom_padding=\u201d|||\u201d custom_padding__hover=\u201d|||\u201d][et_pb_image src=\u201chttp:\/\/pascalpierre.fr\/wp-content\/uploads\/2019\/01\/<span class=\"caps\">PROFIL-YPCOM3<\/span>.jpg\u201d align_tablet=\u201ccenter\u201d align_phone=\u201d\u201d align_last_edited=\u201con|desktop\u201d _builder_version=\u201c3.23\u201d][\/et_pb_image][\/et_pb_column][et_pb_column type=\u201c1_3\u201d _builder_version=\u201c3.25\u201d custom_padding=\u201d|||\u201d custom_padding__hover=\u201d|||\u201d][et_pb_text _builder_version=\u201c3.27.4\u201d]<\/p>\n<h1><strong>Pascal Pierre<\/strong><\/h1>\n<p>[\/et_pb_text][et_pb_social_media_follow follow_button=\u201con\u201d _builder_version=\u201c3.18.4\u201d][et_pb_social_media_follow_network social_network=\u201cfacebook\u201d url=\u201chttps:\/\/www.facebook.com\/Pascal.Pierre.Photographe\/\u201d _builder_version=\u201c3.18.4\u201d background_color=\u201c#3b5998\u201d follow_button=\u201con\u201d url_new_window=\u201con\u201d]facebook[\/et_pb_social_media_follow_network][et_pb_social_media_follow_network social_network=\u201cinstagram\u201d url=\u201chttps:\/\/www.instagram.com\/pascal.pierre.photographe\/?hl=fr\u201d _builder_version=\u201c3.18.4\u201d background_color=\u201c#ea2c59\u201d follow_button=\u201con\u201d url_new_window=\u201con\u201d]instagram[\/et_pb_social_media_follow_network][\/et_pb_social_media_follow][et_pb_text _builder_version=\u201c3.27.4\u201d text_font=\u201d||||||||\u201d text_font_size=\u201c20px\u201d header_font=\u201d||||||||\u201d header_font_size=\u201c26px\u201d custom_margin=\u201c50px||\u201d]<\/p>\n<p><span style=\"font-size: 20px;\">61000 <span class=\"caps\">ALENCON<\/span><\/span><\/p>\n<p class=\"font_8\"><span>06 86 54 00 32<br>contact@pascalpierre.fr<\/span><\/p>\n<p class=\"font_8\"><span style=\"font-size: xx-large;\"><strong><object height=\"0\"><\/object><\/strong><\/span><\/p>\n<p>&nbsp;<\/p>\n<p class=\"font_8\">N\u00b0 <span class=\"caps\">SIRET<\/span> 750 136 483&nbsp;00013<\/p>\n<p>[\/et_pb_text][\/et_pb_column][et_pb_column type=\u201c1_3\u201d _builder_version=\u201c3.25\u201d custom_padding=\u201d|||\u201d custom_padding__hover=\u201d|||\u201d][et_pb_contact_form captcha=\u201coff\u201d email=\u201ccontact@pascalpierre.fr\u201d title=\u201cContactez-moi\u201d _builder_version=\u201c3.19.3\u201d][et_pb_contact_field field_id=\u201cName\u201d field_title=\u201cNom\u201d _builder_version=\u201c3.16\u201d button_text_size__hover_enabled=\u201coff\u201d button_one_text_size__hover_enabled=\u201coff\u201d button_two_text_size__hover_enabled=\u201coff\u201d button_text_color__hover_enabled=\u201coff\u201d button_one_text_color__hover_enabled=\u201coff\u201d button_two_text_color__hover_enabled=\u201coff\u201d button_border_width__hover_enabled=\u201coff\u201d button_one_border_width__hover_enabled=\u201coff\u201d button_two_border_width__hover_enabled=\u201coff\u201d button_border_color__hover_enabled=\u201coff\u201d button_one_border_color__hover_enabled=\u201coff\u201d button_two_border_color__hover_enabled=\u201coff\u201d button_border_radius__hover_enabled=\u201coff\u201d button_one_border_radius__hover_enabled=\u201coff\u201d button_two_border_radius__hover_enabled=\u201coff\u201d button_letter_spacing__hover_enabled=\u201coff\u201d button_one_letter_spacing__hover_enabled=\u201coff\u201d button_two_letter_spacing__hover_enabled=\u201coff\u201d button_bg_color__hover_enabled=\u201coff\u201d button_one_bg_color__hover_enabled=\u201coff\u201d button_two_bg_color__hover_enabled=\u201coff\u201d][\/et_pb_contact_field][et_pb_contact_field field_id=\u201cEmail\u201d field_title=\u201cAdresse e\u2011mail\u201d field_type=\u201cemail\u201d _builder_version=\u201c3.16\u201d button_text_size__hover_enabled=\u201coff\u201d button_one_text_size__hover_enabled=\u201coff\u201d button_two_text_size__hover_enabled=\u201coff\u201d button_text_color__hover_enabled=\u201coff\u201d button_one_text_color__hover_enabled=\u201coff\u201d button_two_text_color__hover_enabled=\u201coff\u201d button_border_width__hover_enabled=\u201coff\u201d button_one_border_width__hover_enabled=\u201coff\u201d button_two_border_width__hover_enabled=\u201coff\u201d button_border_color__hover_enabled=\u201coff\u201d button_one_border_color__hover_enabled=\u201coff\u201d button_two_border_color__hover_enabled=\u201coff\u201d button_border_radius__hover_enabled=\u201coff\u201d button_one_border_radius__hover_enabled=\u201coff\u201d button_two_border_radius__hover_enabled=\u201coff\u201d button_letter_spacing__hover_enabled=\u201coff\u201d button_one_letter_spacing__hover_enabled=\u201coff\u201d button_two_letter_spacing__hover_enabled=\u201coff\u201d button_bg_color__hover_enabled=\u201coff\u201d button_one_bg_color__hover_enabled=\u201coff\u201d button_two_bg_color__hover_enabled=\u201coff\u201d][\/et_pb_contact_field][et_pb_contact_field field_id=\u201cMessage\u201d field_title=\u201cMessage\u201d field_type=\u201ctext\u201d fullwidth_field=\u201con\u201d _builder_version=\u201c3.16\u201d button_text_size__hover_enabled=\u201coff\u201d button_one_text_size__hover_enabled=\u201coff\u201d button_two_text_size__hover_enabled=\u201coff\u201d button_text_color__hover_enabled=\u201coff\u201d button_one_text_color__hover_enabled=\u201coff\u201d button_two_text_color__hover_enabled=\u201coff\u201d button_border_width__hover_enabled=\u201coff\u201d button_one_border_width__hover_enabled=\u201coff\u201d button_two_border_width__hover_enabled=\u201coff\u201d button_border_color__hover_enabled=\u201coff\u201d button_one_border_color__hover_enabled=\u201coff\u201d button_two_border_color__hover_enabled=\u201coff\u201d button_border_radius__hover_enabled=\u201coff\u201d button_one_border_radius__hover_enabled=\u201coff\u201d button_two_border_radius__hover_enabled=\u201coff\u201d button_letter_spacing__hover_enabled=\u201coff\u201d button_one_letter_spacing__hover_enabled=\u201coff\u201d button_two_letter_spacing__hover_enabled=\u201coff\u201d button_bg_color__hover_enabled=\u201coff\u201d button_one_bg_color__hover_enabled=\u201coff\u201d button_two_bg_color__hover_enabled=\u201coff\u201d][\/et_pb_contact_field][\/et_pb_contact_form][\/et_pb_column][\/et_pb_row][\/et_pb_section][et_pb_section fb_built=\u201c1\u201d fullwidth=\u201con\u201d _builder_version=\u201c3.22\u201d][et_pb_fullwidth_map address=\u201cAlen\u00e7on, France\u201d zoom_level=\u201c10\u201d address_lat=\u201c48.432856\u201d address_lng=\u201c0.091266000000019\u201d mouse_wheel=\u201coff\u201d _builder_version=\u201c3.18.4\u201d child_filter_saturate=\u201c0%\u201d child_filter_sepia=\u201c20%\u201d box_shadow_style=\u201cpreset1\u201d][\/et_pb_fullwidth_map][\/et_pb_section]<\/p>\n\n\n<figure class=\"wp-block-image is-resized\"><img loading=\"lazy\" src=\"https:\/\/cdn1.mariages.net\/img\/badges\/2026\/badge-weddingawards_fr_FR.jpg\" alt=\"Pascal Pierre, gagnant Wedding Awards 2026 Mariages.net\" width=\"222\" height=\"223\"><\/figure>\n\n\n\n<p><a target=\"_blank\" href=\"https:\/\/www.mariages.net\/photo-mariage\/pascal-pierre--e131171\" rel=\"noreferrer noopener\"><\/a><\/p>\n","protected":false},"excerpt":{"rendered":"<p>[et_pb_section fb_built=\u201c1\u201d _builder_version=\u201c3.22\u201d background_image=\u201chttp:\/\/pascalpierre.fr\/wp-content\/uploads\/2019\/01\/YXO4820-Modifier.jpg\u201d custom_padding=\u201c307px|0px|175px|0px|false|false\u201d][et_pb_row _builder_version=\u201c3.25\u201d custom_padding=\u201c226px|0|0|75px|false|false\u201d][et_pb_column type=\u201c4_4\u201d _builder_version=\u201c3.25\u201d custom_padding=\u201d|||\u201d custom_padding__hover=\u201d|||\u201d][\/et_pb_column][\/et_pb_row][et_pb_row _builder_version=\u201c3.25\u201d custom_padding=\u201c117px|0px|27px|0px|false|false\u201d][et_pb_column type=\u201c4_4\u201d _builder_version=\u201c3.25\u201d custom_padding=\u201d|||\u201d custom_padding__hover=\u201d|||\u201d][et_pb_image src=\u201chttp:\/\/pascalpierre.fr\/wp-content\/uploads\/2018\/12\/fleche-double-angle-vers-le-bas\u20111.png\u201d align_tablet=\u201ccenter\u201d align_phone=\u201d\u201d align_last_edited=\u201con|desktop\u201d _builder_version=\u201c3.23\u201d max_width=\u201c3%\u201d module_alignment=\u201ccenter\u201d animation_style=\u201cfade\u201d animation_duration=\u201c850ms\u201d animation_repeat=\u201cloop\u201d][\/et_pb_image][\/et_pb_column][\/et_pb_row][\/et_pb_section][et_pb_section fb_built=\u201c1\u201d _builder_version=\u201c3.22\u201d custom_padding=\u201c50px|0px|20px|0px|false|false\u201d][et_pb_row _builder_version=\u201c3.25\u201d][et_pb_column type=\u201c4_4\u201d _builder_version=\u201c3.25\u201d custom_padding=\u201d|||\u201d custom_padding__hover=\u201d|||\u201d][et_pb_text _builder_version=\u201c3.27.4\u201d text_font=\u201d||||||||\u201d text_font_size=\u201c23px\u201d] Discret, je serai \u00e0 vos c\u00f4t\u00e9s pour capturer les pr\u00e9cieux instants de votre&nbsp;vie. [\/et_pb_text][\/et_pb_column][\/et_pb_row][et_pb_row _builder_version=\u201c4.5.7\u201d _module_preset=\u201cdefault\u201d column_structure=\u201c1_3,1_3,1_3\u201d][et_pb_column [\u2026]<\/p>\n","protected":false},"author":1,"featured_media":0,"parent":0,"menu_order":0,"comment_status":"closed","ping_status":"closed","template":"","meta":{"_et_pb_use_builder":"on","_et_pb_old_content":"","_et_gb_content_width":"","wp_typography_post_enhancements_disabled":false},"_links":{"self":[{"href":"https:\/\/pascalpierre.fr\/index.php?rest_route=\/wp\/v2\/pages\/133"}],"collection":[{"href":"https:\/\/pascalpierre.fr\/index.php?rest_route=\/wp\/v2\/pages"}],"about":[{"href":"https:\/\/pascalpierre.fr\/index.php?rest_route=\/wp\/v2\/types\/page"}],"author":[{"embeddable":true,"href":"https:\/\/pascalpierre.fr\/index.php?rest_route=\/wp\/v2\/users\/1"}],"replies":[{"embeddable":true,"href":"https:\/\/pascalpierre.fr\/index.php?rest_route=%2Fwp%2Fv2%2Fcomments&post=133"}],"version-history":[{"count":60,"href":"https:\/\/pascalpierre.fr\/index.php?rest_route=\/wp\/v2\/pages\/133\/revisions"}],"predecessor-version":[{"id":785,"href":"https:\/\/pascalpierre.fr\/index.php?rest_route=\/wp\/v2\/pages\/133\/revisions\/785"}],"wp:attachment":[{"href":"https:\/\/pascalpierre.fr\/index.php?rest_route=%2Fwp%2Fv2%2Fmedia&parent=133"}],"curies":[{"name":"wp","href":"https:\/\/api.w.org\/{rel}","templated":true}]}}